{"id":77,"date":"2020-06-14T09:29:21","date_gmt":"2020-06-14T09:29:21","guid":{"rendered":"http:\/\/schwarzwaldhirsch.de\/?page_id=77"},"modified":"2026-03-02T18:17:23","modified_gmt":"2026-03-02T18:17:23","slug":"preise-leistungen","status":"publish","type":"page","link":"https:\/\/schwarzwaldhirsch.de\/en\/preise-leistungen\/","title":{"rendered":"Preise &#038; Leistungen"},"content":{"rendered":"\n<h2 class=\"wp-block-heading\">    <span class=\"has-inline-color\" style=\"color:#a30003\">Mietpreise<\/span><\/h2>\n\n\n\n<ul class=\"wp-block-list\">\n<li>Der Mietpreis f\u00fcr die Ferienwohnung betr\u00e4gt 67,- \u20ac<\/li>\n\n\n\n<li>Mindestmietdauer 5 Tage, K\u00fcrzere Aufenthalte auf Anfrage<\/li>\n\n\n\n<li>Die Preise gelten f\u00fcr 2 Personen \/ Tag. Jede weitere Person 13,50 \u20ac \/ Tag, Kinder bis 8 Jahre kostenlos.<\/li>\n\n\n\n<li>Maximale Personenzahl: 4<\/li>\n\n\n\n<li>30 % Anzahlung bei Buchung &#8211; Restzahlung bei Ankunft<\/li>\n\n\n\n<li>Preise zzgl. Kurtaxe<\/li>\n<\/ul>\n\n\n\n<h2 class=\"wp-block-heading\">   <span class=\"has-inline-color\" style=\"color:#a30003\">Die Kurtaxe betr\u00e4gt pro Person und Aufenthaltstag<\/span><\/h2>\n\n\n\n<ul class=\"wp-block-list\">\n<li>Kinder bis 5 Jahre:&nbsp;<strong>frei<\/strong><\/li>\n\n\n\n<li>Kinder von 6 bis 15 Jahre:\u00a0<strong>1,50 Euro<\/strong><\/li>\n\n\n\n<li>Personen ab 16 Jahre:\u00a0<strong>3,00 Euro<\/strong><\/li>\n\n\n\n<li>Schwerbehinderte (ab 80 % GdB):\u00a0<strong>1,50 Euro<\/strong><\/li>\n\n\n\n<li>Die kostenlose G\u00e4stekarte bietet Ihnen w\u00e4hrend Ihres Urlaubs viele Inklusiv- und erm\u00e4\u00dfigte Leistungen in und um Unterkirnach.<\/li>\n<\/ul>\n\n\n\n<h2 class=\"wp-block-heading\">    <span class=\"has-inline-color\" style=\"color:#a30003\">Inclusive &#8216;s<\/span><\/h2>\n\n\n\n<ul class=\"wp-block-list\">\n<li>Handt\u00fccher und Geschirrt\u00fccher<\/li>\n\n\n\n<li>Bettw\u00e4sche<\/li>\n\n\n\n<li>Endreinigung<\/li>\n\n\n\n<li>W-LAN<\/li>\n<\/ul>\n\n\n\n<h2 class=\"wp-block-heading\">    <span class=\"has-inline-color\" style=\"color:#a30003\">Stornierung<\/span><\/h2>\n\n\n\n<ul class=\"wp-block-list\">\n<li>Bei Stornierung bis zu 7 Tage vor Reiseantritt &#8211; 90% R\u00fcckerstattung<\/li>\n<\/ul>\n\n\n\n<h2 class=\"wp-block-heading\">    <span class=\"has-inline-color\" style=\"color:#a30003\">Haustiere<\/span><\/h2>\n\n\n\n<ul class=\"wp-block-list\">\n<li>Ihren kleinen Liebling d\u00fcrfen Sie gerne, nach telefonischer Absprache, mitbringen.<\/li>\n<\/ul>\n\n\n\n<p><\/p>\n\n\n\n<h2 class=\"wp-block-heading\"><mark style=\"background-color:rgba(0, 0, 0, 0);color:#a30003\" class=\"has-inline-color\">An-und Abreise<\/mark><\/h2>\n\n\n\n<ul class=\"wp-block-list\">\n<li>Check- in ab 14 Uhr  ( fr\u00fcherer Anreise nach Absprache )<\/li>\n\n\n\n<li>Check-out     11 Uhr<\/li>\n<\/ul>\n\n\n\n<h2 class=\"wp-block-heading\"><mark style=\"background-color:rgba(0, 0, 0, 0);color:#a30003\" class=\"has-inline-color\">Ihre Anfrage<\/mark><\/h2>\n\n\n\n<div class=\"wpcf7 no-js\" id=\"wpcf7-f300-o1\" lang=\"de-DE\" dir=\"ltr\" data-wpcf7-id=\"300\">\n<div class=\"screen-reader-response\"><p role=\"status\" aria-live=\"polite\" aria-atomic=\"true\"><\/p> <ul><\/ul><\/div>\n<form action=\"\/en\/wp-json\/wp\/v2\/pages\/77#wpcf7-f300-o1\" method=\"post\" class=\"wpcf7-form init\" aria-label=\"Kontaktformular\" novalidate=\"novalidate\" data-status=\"init\">\n<fieldset class=\"hidden-fields-container\"><input type=\"hidden\" name=\"_wpcf7\" value=\"300\" \/><input type=\"hidden\" name=\"_wpcf7_version\" value=\"6.1.5\" \/><input type=\"hidden\" name=\"_wpcf7_locale\" value=\"de_DE\" \/><input type=\"hidden\" name=\"_wpcf7_unit_tag\" value=\"wpcf7-f300-o1\" \/><input type=\"hidden\" name=\"_wpcf7_container_post\" value=\"0\" \/><input type=\"hidden\" name=\"_wpcf7_posted_data_hash\" value=\"\" \/>\n<\/fieldset>\n<p><label>Vorname Name (Pflichtfeld)<br \/>\n<span class=\"wpcf7-form-control-wrap\" data-name=\"your-name\"><input size=\"40\" maxlength=\"400\" class=\"wpcf7-form-control wpcf7-text wpcf7-validates-as-required\" aria-required=\"true\" aria-invalid=\"false\" value=\"\" type=\"text\" name=\"your-name\" \/><\/span> <\/label>\n<\/p>\n<p><label> Ihre E-Mail-Adresse (Pflichtfeld)<br \/>\n<span class=\"wpcf7-form-control-wrap\" data-name=\"your-email\"><input size=\"40\" maxlength=\"400\" class=\"wpcf7-form-control wpcf7-email wpcf7-validates-as-required wpcf7-text wpcf7-validates-as-email\" aria-required=\"true\" aria-invalid=\"false\" value=\"\" type=\"email\" name=\"your-email\" \/><\/span> <\/label>\n<\/p>\n<p><label> Betreff<br \/>\n<span class=\"wpcf7-form-control-wrap\" data-name=\"your-subject\"><input size=\"40\" maxlength=\"400\" class=\"wpcf7-form-control wpcf7-text\" aria-invalid=\"false\" value=\"\" type=\"text\" name=\"your-subject\" \/><\/span> <\/label>\n<\/p>\n<p><label> Ihre Nachricht<br \/>\n<span class=\"wpcf7-form-control-wrap\" data-name=\"your-message\"><textarea cols=\"40\" rows=\"10\" maxlength=\"2000\" class=\"wpcf7-form-control wpcf7-textarea\" aria-invalid=\"false\" name=\"your-message\"><\/textarea><\/span> <\/label>\n<\/p>\n<p><input class=\"wpcf7-form-control wpcf7-submit has-spinner\" type=\"submit\" value=\"Senden\" \/>\n<\/p><div class=\"wpcf7-response-output\" aria-hidden=\"true\"><\/div>\n<\/form>\n<\/div>\n\n\n\n\n<p><\/p>\n","protected":false},"excerpt":{"rendered":"<p>Mietpreise Die Kurtaxe betr\u00e4gt pro Person und Aufenthaltstag Inclusive &#8216;s Stornierung Haustiere An-und Abreise Ihre Anfrage<\/p>\n","protected":false},"author":1,"featured_media":0,"parent":0,"menu_order":0,"comment_status":"closed","ping_status":"closed","template":"templates\/full-width-page.php","meta":{"footnotes":""},"class_list":["post-77","page","type-page","status-publish","hentry","without-featured-image"],"translation":{"provider":"WPGlobus","version":"3.0.2","language":"en","enabled_languages":["de","en"],"languages":{"de":{"title":true,"content":true,"excerpt":false},"en":{"title":false,"content":false,"excerpt":false}}},"_links":{"self":[{"href":"https:\/\/schwarzwaldhirsch.de\/en\/wp-json\/wp\/v2\/pages\/77","targetHints":{"allow":["GET"]}}],"collection":[{"href":"https:\/\/schwarzwaldhirsch.de\/en\/wp-json\/wp\/v2\/pages"}],"about":[{"href":"https:\/\/schwarzwaldhirsch.de\/en\/wp-json\/wp\/v2\/types\/page"}],"author":[{"embeddable":true,"href":"https:\/\/schwarzwaldhirsch.de\/en\/wp-json\/wp\/v2\/users\/1"}],"replies":[{"embeddable":true,"href":"https:\/\/schwarzwaldhirsch.de\/en\/wp-json\/wp\/v2\/comments?post=77"}],"version-history":[{"count":5,"href":"https:\/\/schwarzwaldhirsch.de\/en\/wp-json\/wp\/v2\/pages\/77\/revisions"}],"predecessor-version":[{"id":422,"href":"https:\/\/schwarzwaldhirsch.de\/en\/wp-json\/wp\/v2\/pages\/77\/revisions\/422"}],"wp:attachment":[{"href":"https:\/\/schwarzwaldhirsch.de\/en\/wp-json\/wp\/v2\/media?parent=77"}],"curies":[{"name":"wp","href":"https:\/\/api.w.org\/{rel}","templated":true}]}}